{"id":198,"date":"2020-04-29T10:48:55","date_gmt":"2020-04-29T10:48:55","guid":{"rendered":"http:\/\/efoeb.de\/?page_id=198"},"modified":"2025-12-08T09:02:37","modified_gmt":"2025-12-08T09:02:37","slug":"wir-stellen-uns-vor","status":"publish","type":"page","link":"http:\/\/efoeb.de\/?page_id=198","title":{"rendered":"Wir stellen uns vor"},"content":{"rendered":"\n<div class=\"wp-block-group\"><div class=\"wp-block-group__inner-container is-layout-flow wp-block-group-is-layout-flow\">\n<p>In unserer erg\u00e4nzenden F\u00f6rderung und Betreuung (eF\u00f6B) der Schule am Wilhelmsberg, werden momentan ca. 400 Kinder von 23 ErzieherInnen, 3 FacherzieherInnen f\u00fcr Integration und einem Leitenden Erzieher begleitet und betreut.<\/p>\n\n\n\n<p class=\"has-very-dark-gray-color has-vivid-green-cyan-background-color has-text-color has-background\">Unsere Funktionsr\u00e4ume:<\/p>\n<\/div><\/div>\n\n\n\n<figure class=\"wp-block-image size-large\"><img loading=\"lazy\" decoding=\"async\" width=\"509\" height=\"351\" src=\"http:\/\/efoeb.de\/wp-content\/uploads\/2020\/04\/puppenraum.jpg\" alt=\"\" class=\"wp-image-202\" srcset=\"http:\/\/efoeb.de\/wp-content\/uploads\/2020\/04\/puppenraum.jpg 509w, http:\/\/efoeb.de\/wp-content\/uploads\/2020\/04\/puppenraum-300x207.jpg 300w\" sizes=\"auto, (max-width: 509px) 100vw, 509px\" \/><figcaption class=\"wp-element-caption\">Puppenraum<\/figcaption><\/figure>\n\n\n\n<figure class=\"wp-block-image size-large\"><img loading=\"lazy\" decoding=\"async\" width=\"399\" height=\"335\" src=\"http:\/\/efoeb.de\/wp-content\/uploads\/2020\/04\/bauraum.jpg\" alt=\"\" class=\"wp-image-203\" srcset=\"http:\/\/efoeb.de\/wp-content\/uploads\/2020\/04\/bauraum.jpg 399w, http:\/\/efoeb.de\/wp-content\/uploads\/2020\/04\/bauraum-300x252.jpg 300w\" sizes=\"auto, (max-width: 399px) 100vw, 399px\" \/><figcaption class=\"wp-element-caption\">Bauraum<\/figcaption><\/figure>\n\n\n\n<figure class=\"wp-block-image size-large\"><img loading=\"lazy\" decoding=\"async\" width=\"455\" height=\"342\" src=\"http:\/\/efoeb.de\/wp-content\/uploads\/2020\/04\/bibliothek.jpg\" alt=\"\" class=\"wp-image-204\" srcset=\"http:\/\/efoeb.de\/wp-content\/uploads\/2020\/04\/bibliothek.jpg 455w, http:\/\/efoeb.de\/wp-content\/uploads\/2020\/04\/bibliothek-300x225.jpg 300w\" sizes=\"auto, (max-width: 455px) 100vw, 455px\" \/><figcaption class=\"wp-element-caption\">Bibliothek<\/figcaption><\/figure>\n\n\n\n<figure class=\"wp-block-image size-large\"><img loading=\"lazy\" decoding=\"async\" width=\"450\" height=\"333\" src=\"http:\/\/efoeb.de\/wp-content\/uploads\/2020\/04\/lernwerkstatt.jpg\" alt=\"\" class=\"wp-image-205\" srcset=\"http:\/\/efoeb.de\/wp-content\/uploads\/2020\/04\/lernwerkstatt.jpg 450w, http:\/\/efoeb.de\/wp-content\/uploads\/2020\/04\/lernwerkstatt-300x222.jpg 300w\" sizes=\"auto, (max-width: 450px) 100vw, 450px\" \/><figcaption class=\"wp-element-caption\">Lernwerkstatt<\/figcaption><\/figure>\n\n\n\n<figure class=\"wp-block-image size-large\"><img loading=\"lazy\" decoding=\"async\" width=\"511\" height=\"349\" src=\"http:\/\/efoeb.de\/wp-content\/uploads\/2020\/04\/kreativraum.jpg\" alt=\"\" class=\"wp-image-206\" srcset=\"http:\/\/efoeb.de\/wp-content\/uploads\/2020\/04\/kreativraum.jpg 511w, http:\/\/efoeb.de\/wp-content\/uploads\/2020\/04\/kreativraum-300x205.jpg 300w\" sizes=\"auto, (max-width: 511px) 100vw, 511px\" \/><figcaption class=\"wp-element-caption\">Kreativraum<\/figcaption><\/figure>\n\n\n\n<figure class=\"wp-block-image size-large\"><img loading=\"lazy\" decoding=\"async\" width=\"391\" height=\"336\" src=\"http:\/\/efoeb.de\/wp-content\/uploads\/2020\/04\/mehrzweckraum.jpg\" alt=\"\" class=\"wp-image-207\" srcset=\"http:\/\/efoeb.de\/wp-content\/uploads\/2020\/04\/mehrzweckraum.jpg 391w, http:\/\/efoeb.de\/wp-content\/uploads\/2020\/04\/mehrzweckraum-300x258.jpg 300w\" sizes=\"auto, (max-width: 391px) 100vw, 391px\" \/><figcaption class=\"wp-element-caption\">Mehrzweckraum<\/figcaption><\/figure>\n\n\n\n<figure class=\"wp-block-image size-large is-resized\"><img loading=\"lazy\" decoding=\"async\" width=\"498\" height=\"1024\" src=\"http:\/\/efoeb.de\/wp-content\/uploads\/2020\/04\/bewegungsraum-498x1024.jpg\" alt=\"\" class=\"wp-image-209\" style=\"width:337px;height:693px\" srcset=\"http:\/\/efoeb.de\/wp-content\/uploads\/2020\/04\/bewegungsraum-498x1024.jpg 498w, http:\/\/efoeb.de\/wp-content\/uploads\/2020\/04\/bewegungsraum-146x300.jpg 146w, http:\/\/efoeb.de\/wp-content\/uploads\/2020\/04\/bewegungsraum-768x1580.jpg 768w, http:\/\/efoeb.de\/wp-content\/uploads\/2020\/04\/bewegungsraum-747x1536.jpg 747w, http:\/\/efoeb.de\/wp-content\/uploads\/2020\/04\/bewegungsraum-996x2048.jpg 996w, http:\/\/efoeb.de\/wp-content\/uploads\/2020\/04\/bewegungsraum-scaled.jpg 1244w\" sizes=\"auto, (max-width: 498px) 100vw, 498px\" \/><figcaption class=\"wp-element-caption\">Bewegungsraum<\/figcaption><\/figure>\n\n\n\n<p class=\"has-very-dark-gray-color has-vivid-green-cyan-background-color has-text-color has-background\">Arbeitsgemeinschaften im eF\u00f6B:<\/p>\n\n\n\n<div class=\"wp-block-group\"><div class=\"wp-block-group__inner-container is-layout-flow wp-block-group-is-layout-flow\">\n<ul class=\"wp-block-list\">\n<li>Disco<\/li>\n\n\n\n<li>Tanzen<\/li>\n\n\n\n<li>Basteln<\/li>\n\n\n\n<li>Hortschwimmen<\/li>\n\n\n\n<li>Fahrrad\u00fcbungen<\/li>\n\n\n\n<li>Fu\u00dfball<\/li>\n\n\n\n<li>Schach<\/li>\n\n\n\n<li>Diamantpainting<\/li>\n\n\n\n<li>Streitschlichter<\/li>\n\n\n\n<li>Social Media<\/li>\n\n\n\n<li>Perlentiere<\/li>\n<\/ul>\n<\/div><\/div>\n\n\n\n<p class=\"has-very-dark-gray-color has-vivid-green-cyan-background-color has-text-color has-background\">Feste bei uns:<\/p>\n\n\n\n<ul class=\"wp-block-list\">\n<li>Halloween<\/li>\n\n\n\n<li>Fasching<\/li>\n\n\n\n<li>Sommerfest<\/li>\n<\/ul>\n","protected":false},"excerpt":{"rendered":"<p>In unserer erg\u00e4nzenden F\u00f6rderung und Betreuung (eF\u00f6B) der Schule am Wilhelmsberg, werden momentan ca. 400 Kinder von 23 ErzieherInnen, 3 FacherzieherInnen f\u00fcr Integration und einem Leitenden Erzieher begleitet und betreut. Unsere Funktionsr\u00e4ume: Arbeitsgemeinschaften im eF\u00f6B: Feste bei uns:<\/p>\n","protected":false},"author":1,"featured_media":0,"parent":0,"menu_order":0,"comment_status":"closed","ping_status":"closed","template":"","meta":{"footnotes":""},"class_list":["post-198","page","type-page","status-publish","hentry"],"_links":{"self":[{"href":"http:\/\/efoeb.de\/index.php?rest_route=\/wp\/v2\/pages\/198","targetHints":{"allow":["GET"]}}],"collection":[{"href":"http:\/\/efoeb.de\/index.php?rest_route=\/wp\/v2\/pages"}],"about":[{"href":"http:\/\/efoeb.de\/index.php?rest_route=\/wp\/v2\/types\/page"}],"author":[{"embeddable":true,"href":"http:\/\/efoeb.de\/index.php?rest_route=\/wp\/v2\/users\/1"}],"replies":[{"embeddable":true,"href":"http:\/\/efoeb.de\/index.php?rest_route=%2Fwp%2Fv2%2Fcomments&post=198"}],"version-history":[{"count":4,"href":"http:\/\/efoeb.de\/index.php?rest_route=\/wp\/v2\/pages\/198\/revisions"}],"predecessor-version":[{"id":676,"href":"http:\/\/efoeb.de\/index.php?rest_route=\/wp\/v2\/pages\/198\/revisions\/676"}],"wp:attachment":[{"href":"http:\/\/efoeb.de\/index.php?rest_route=%2Fwp%2Fv2%2Fmedia&parent=198"}],"curies":[{"name":"wp","href":"https:\/\/api.w.org\/{rel}","templated":true}]}}